{"id":1016,"date":"2025-06-17T23:07:20","date_gmt":"2025-06-17T23:07:20","guid":{"rendered":"https:\/\/toscana.hu\/?page_id=1016"},"modified":"2026-06-17T16:42:35","modified_gmt":"2026-06-17T16:42:35","slug":"kapu-toszkanaba","status":"publish","type":"page","link":"https:\/\/toscana.hu\/hu\/kapu-toszkanaba\/","title":{"rendered":"Kapu toszk\u00e1n\u00e1ba"},"content":{"rendered":"\t\t<div data-elementor-type=\"wp-page\" data-elementor-id=\"1016\" class=\"elementor elementor-1016\" data-elementor-post-type=\"page\">\n\t\t\t\t<div class=\"elementor-element elementor-element-847a45f e-flex e-con-boxed e-con e-parent\" data-id=\"847a45f\" data-element_type=\"container\" data-e-type=\"container\" data-settings=\"{&quot;background_background&quot;:&quot;classic&quot;}\">\n\t\t\t\t\t<div class=\"e-con-inner\">\n\t\t\t\t<div class=\"elementor-element elementor-element-46dbd4d elementor-absolute parallel-img elementor-hidden-mobile elementor-widget elementor-widget-image\" data-id=\"46dbd4d\" data-element_type=\"widget\" data-e-type=\"widget\" data-settings=\"{&quot;_position&quot;:&quot;absolute&quot;,&quot;motion_fx_motion_fx_scrolling&quot;:&quot;yes&quot;,&quot;motion_fx_scale_effect&quot;:&quot;yes&quot;,&quot;motion_fx_scale_speed&quot;:{&quot;unit&quot;:&quot;px&quot;,&quot;size&quot;:1,&quot;sizes&quot;:[]},&quot;motion_fx_scale_direction&quot;:&quot;out-in&quot;,&quot;motion_fx_scale_range&quot;:{&quot;unit&quot;:&quot;%&quot;,&quot;size&quot;:&quot;&quot;,&quot;sizes&quot;:{&quot;start&quot;:20,&quot;end&quot;:80}},&quot;motion_fx_devices&quot;:[&quot;desktop&quot;,&quot;tablet&quot;,&quot;mobile&quot;]}\" data-widget_type=\"image.default\">\n\t\t\t\t<div class=\"elementor-widget-container\">\n\t\t\t\t\t\t\t\t\t\t\t\t\t\t\t<img fetchpriority=\"high\" decoding=\"async\" width=\"1920\" height=\"1175\" src=\"https:\/\/toscana.hu\/wp-content\/uploads\/2025\/06\/kapu_bg-min.jpg\" class=\"attachment-full size-full wp-image-1258\" alt=\"\" srcset=\"https:\/\/toscana.hu\/wp-content\/uploads\/2025\/06\/kapu_bg-min.jpg 1920w, https:\/\/toscana.hu\/wp-content\/uploads\/2025\/06\/kapu_bg-min-300x184.jpg 300w, https:\/\/toscana.hu\/wp-content\/uploads\/2025\/06\/kapu_bg-min-1024x627.jpg 1024w, https:\/\/toscana.hu\/wp-content\/uploads\/2025\/06\/kapu_bg-min-768x470.jpg 768w, https:\/\/toscana.hu\/wp-content\/uploads\/2025\/06\/kapu_bg-min-1536x940.jpg 1536w, https:\/\/toscana.hu\/wp-content\/uploads\/2025\/06\/kapu_bg-min-18x12.jpg 18w\" sizes=\"(max-width: 1920px) 100vw, 1920px\" \/>\t\t\t\t\t\t\t\t\t\t\t\t\t\t\t<\/div>\n\t\t\t\t<\/div>\n\t\t\t\t<div class=\"elementor-element elementor-element-c178d35 elementor-widget__width-initial animated-slow elementor-invisible elementor-widget elementor-widget-heading\" data-id=\"c178d35\" data-element_type=\"widget\" data-e-type=\"widget\" data-settings=\"{&quot;_animation&quot;:&quot;fadeInUp&quot;}\" data-widget_type=\"heading.default\">\n\t\t\t\t<div class=\"elementor-widget-container\">\n\t\t\t\t\t<h1 class=\"elementor-heading-title elementor-size-default\">Kapu toszk\u00e1n\u00e1ba<\/h1>\t\t\t\t<\/div>\n\t\t\t\t<\/div>\n\t\t\t\t<div class=\"elementor-element elementor-element-7f2ccb1 elementor-widget-mobile__width-initial animated-slow elementor-invisible elementor-widget elementor-widget-heading\" data-id=\"7f2ccb1\" data-element_type=\"widget\" data-e-type=\"widget\" data-settings=\"{&quot;_animation&quot;:&quot;fadeInUp&quot;}\" data-widget_type=\"heading.default\">\n\t\t\t\t<div class=\"elementor-widget-container\">\n\t\t\t\t\t<h2 class=\"elementor-heading-title elementor-size-default\">T\u00f6ltsd meg az \u00e9rz\u00e9keidet Toszk\u00e1na \u00edzeivel, illataival \u00e9s t\u00f6rt\u00e9neteivel!<\/h2>\t\t\t\t<\/div>\n\t\t\t\t<\/div>\n\t\t\t\t<div class=\"elementor-element elementor-element-4eccf89 elementor-widget__width-initial animated-slow elementor-invisible elementor-widget elementor-widget-text-editor\" data-id=\"4eccf89\" data-element_type=\"widget\" data-e-type=\"widget\" data-settings=\"{&quot;_animation&quot;:&quot;fadeInUp&quot;}\" data-widget_type=\"text-editor.default\">\n\t\t\t\t<div class=\"elementor-widget-container\">\n\t\t\t\t\t\t\t\t\tBlogunkban m\u00e9lyebbre \u00e1sunk a toszk\u00e1n konyha titkaiba, bemutatjuk hagyom\u00e1nyainkat, k\u00fcl\u00f6nleges alapanyagokat, \u00e9s megosztjuk s\u00e9fjeink leg\u00fajabb felfedez\u00e9seit. Ha igaz\u00e1n k\u00f6zel akarsz ker\u00fclni Olaszorsz\u00e1g sz\u00edv\u00e9hez, itt a helyed.\t\t\t\t\t\t\t\t<\/div>\n\t\t\t\t<\/div>\n\t\t\t\t<div class=\"elementor-element elementor-element-7eaea84 animated-slow elementor-invisible elementor-widget elementor-widget-image\" data-id=\"7eaea84\" data-element_type=\"widget\" data-e-type=\"widget\" data-settings=\"{&quot;_animation&quot;:&quot;fadeInUp&quot;}\" data-widget_type=\"image.default\">\n\t\t\t\t<div class=\"elementor-widget-container\">\n\t\t\t\t\t\t\t\t\t\t\t\t\t\t\t<img decoding=\"async\" width=\"40\" height=\"40\" src=\"https:\/\/toscana.hu\/wp-content\/uploads\/2025\/06\/icon_white-lrg.png\" class=\"attachment-large size-large wp-image-1436\" alt=\"\" srcset=\"https:\/\/toscana.hu\/wp-content\/uploads\/2025\/06\/icon_white-lrg.png 40w, https:\/\/toscana.hu\/wp-content\/uploads\/2025\/06\/icon_white-lrg-12x12.png 12w\" sizes=\"(max-width: 40px) 100vw, 40px\" \/>\t\t\t\t\t\t\t\t\t\t\t\t\t\t\t<\/div>\n\t\t\t\t<\/div>\n\t\t<div class=\"elementor-element elementor-element-e43016d e-con-full e-flex e-con e-child\" data-id=\"e43016d\" data-element_type=\"container\" data-e-type=\"container\">\n\t\t\t\t<div class=\"elementor-element elementor-element-e414f6b custom-blog-post elementor-grid-3 elementor-grid-tablet-2 elementor-grid-mobile-1 elementor-posts--thumbnail-top elementor-posts__hover-gradient elementor-widget elementor-widget-posts\" data-id=\"e414f6b\" data-element_type=\"widget\" data-e-type=\"widget\" data-settings=\"{&quot;cards_masonry&quot;:&quot;yes&quot;,&quot;pagination_type&quot;:&quot;numbers&quot;,&quot;cards_columns&quot;:&quot;3&quot;,&quot;cards_columns_tablet&quot;:&quot;2&quot;,&quot;cards_columns_mobile&quot;:&quot;1&quot;,&quot;cards_row_gap&quot;:{&quot;unit&quot;:&quot;px&quot;,&quot;size&quot;:35,&quot;sizes&quot;:[]},&quot;cards_row_gap_tablet&quot;:{&quot;unit&quot;:&quot;px&quot;,&quot;size&quot;:&quot;&quot;,&quot;sizes&quot;:[]},&quot;cards_row_gap_mobile&quot;:{&quot;unit&quot;:&quot;px&quot;,&quot;size&quot;:&quot;&quot;,&quot;sizes&quot;:[]}}\" data-widget_type=\"posts.cards\">\n\t\t\t\t<div class=\"elementor-widget-container\">\n\t\t\t\t\t\t\t<div class=\"elementor-posts-container elementor-posts elementor-posts--skin-cards elementor-grid\" role=\"list\">\n\t\t\t\t<article class=\"elementor-post elementor-grid-item post-3604 post type-post status-publish format-standard hentry category-uncategorized\" role=\"listitem\">\n\t\t\t<div class=\"elementor-post__card\">\n\t\t\t\t<a class=\"elementor-post__thumbnail__link\" href=\"https:\/\/toscana.hu\/hu\/mi-a-raktatar-es-mitol-olyan-kulonleges\/\" tabindex=\"-1\" target=\"_blank\"><div class=\"elementor-post__thumbnail\"><img decoding=\"async\" width=\"2560\" height=\"1707\" src=\"https:\/\/toscana.hu\/wp-content\/uploads\/2026\/08\/Kiralyraktatar-Toscana-stilusban_1-scaled.jpg\" class=\"attachment-full size-full wp-image-3605\" alt=\"\" srcset=\"https:\/\/toscana.hu\/wp-content\/uploads\/2026\/08\/Kiralyraktatar-Toscana-stilusban_1-scaled.jpg 2560w, https:\/\/toscana.hu\/wp-content\/uploads\/2026\/08\/Kiralyraktatar-Toscana-stilusban_1-300x200.jpg 300w, https:\/\/toscana.hu\/wp-content\/uploads\/2026\/08\/Kiralyraktatar-Toscana-stilusban_1-1024x683.jpg 1024w, https:\/\/toscana.hu\/wp-content\/uploads\/2026\/08\/Kiralyraktatar-Toscana-stilusban_1-768x512.jpg 768w, https:\/\/toscana.hu\/wp-content\/uploads\/2026\/08\/Kiralyraktatar-Toscana-stilusban_1-1536x1024.jpg 1536w, https:\/\/toscana.hu\/wp-content\/uploads\/2026\/08\/Kiralyraktatar-Toscana-stilusban_1-2048x1365.jpg 2048w, https:\/\/toscana.hu\/wp-content\/uploads\/2026\/08\/Kiralyraktatar-Toscana-stilusban_1-18x12.jpg 18w\" sizes=\"(max-width: 2560px) 100vw, 2560px\" \/><\/div><\/a>\n\t\t\t\t<div class=\"elementor-post__text\">\n\t\t\t\t<h3 class=\"elementor-post__title\">\n\t\t\t<a href=\"https:\/\/toscana.hu\/hu\/mi-a-raktatar-es-mitol-olyan-kulonleges\/\" target=&quot;_blank&quot;>\n\t\t\t\tMi a r\u00e1ktat\u00e1r \u00e9s mit\u0151l olyan k\u00fcl\u00f6nleges?\t\t\t<\/a>\n\t\t<\/h3>\n\t\t\n\t\t<a class=\"elementor-post__read-more\" href=\"https:\/\/toscana.hu\/hu\/mi-a-raktatar-es-mitol-olyan-kulonleges\/\" aria-label=\"Read more about Mi a r\u00e1ktat\u00e1r \u00e9s mit\u0151l olyan k\u00fcl\u00f6nleges?\" tabindex=\"-1\" target=\"_blank\">\n\t\t\tbeleolvasok\t\t<\/a>\n\n\t\t\t\t<\/div>\n\t\t\t\t\t<\/div>\n\t\t<\/article>\n\t\t\t\t<article class=\"elementor-post elementor-grid-item post-3595 post type-post status-publish format-standard hentry category-uncategorized\" role=\"listitem\">\n\t\t\t<div class=\"elementor-post__card\">\n\t\t\t\t<a class=\"elementor-post__thumbnail__link\" href=\"https:\/\/toscana.hu\/hu\/frissen-fogott-halak-a-trattoriaban\/\" tabindex=\"-1\" target=\"_blank\"><div class=\"elementor-post__thumbnail\"><img loading=\"lazy\" decoding=\"async\" width=\"2560\" height=\"1707\" src=\"https:\/\/toscana.hu\/wp-content\/uploads\/2026\/08\/Napi-friss-tengeri-hal-branzino-so-alatt_5-scaled.jpg\" class=\"attachment-full size-full wp-image-3602\" alt=\"\" srcset=\"https:\/\/toscana.hu\/wp-content\/uploads\/2026\/08\/Napi-friss-tengeri-hal-branzino-so-alatt_5-scaled.jpg 2560w, https:\/\/toscana.hu\/wp-content\/uploads\/2026\/08\/Napi-friss-tengeri-hal-branzino-so-alatt_5-300x200.jpg 300w, https:\/\/toscana.hu\/wp-content\/uploads\/2026\/08\/Napi-friss-tengeri-hal-branzino-so-alatt_5-1024x683.jpg 1024w, https:\/\/toscana.hu\/wp-content\/uploads\/2026\/08\/Napi-friss-tengeri-hal-branzino-so-alatt_5-768x512.jpg 768w, https:\/\/toscana.hu\/wp-content\/uploads\/2026\/08\/Napi-friss-tengeri-hal-branzino-so-alatt_5-1536x1024.jpg 1536w, https:\/\/toscana.hu\/wp-content\/uploads\/2026\/08\/Napi-friss-tengeri-hal-branzino-so-alatt_5-2048x1365.jpg 2048w, https:\/\/toscana.hu\/wp-content\/uploads\/2026\/08\/Napi-friss-tengeri-hal-branzino-so-alatt_5-18x12.jpg 18w\" sizes=\"(max-width: 2560px) 100vw, 2560px\" \/><\/div><\/a>\n\t\t\t\t<div class=\"elementor-post__text\">\n\t\t\t\t<h3 class=\"elementor-post__title\">\n\t\t\t<a href=\"https:\/\/toscana.hu\/hu\/frissen-fogott-halak-a-trattoriaban\/\" target=&quot;_blank&quot;>\n\t\t\t\tFrissen fogott halak a Trattori\u00e1ban\t\t\t<\/a>\n\t\t<\/h3>\n\t\t\n\t\t<a class=\"elementor-post__read-more\" href=\"https:\/\/toscana.hu\/hu\/frissen-fogott-halak-a-trattoriaban\/\" aria-label=\"Read more about Frissen fogott halak a Trattori\u00e1ban\" tabindex=\"-1\" target=\"_blank\">\n\t\t\tbeleolvasok\t\t<\/a>\n\n\t\t\t\t<\/div>\n\t\t\t\t\t<\/div>\n\t\t<\/article>\n\t\t\t\t<article class=\"elementor-post elementor-grid-item post-3567 post type-post status-publish format-standard hentry category-uncategorized\" role=\"listitem\">\n\t\t\t<div class=\"elementor-post__card\">\n\t\t\t\t<a class=\"elementor-post__thumbnail__link\" href=\"https:\/\/toscana.hu\/hu\/mit-kell-tennie-egy-etteremnek-ospitalita-italiana\/\" tabindex=\"-1\" target=\"_blank\"><div class=\"elementor-post__thumbnail\"><img loading=\"lazy\" decoding=\"async\" width=\"2560\" height=\"1707\" src=\"https:\/\/toscana.hu\/wp-content\/uploads\/2026\/08\/Mood-scaled.jpg\" class=\"attachment-full size-full wp-image-3578\" alt=\"\" srcset=\"https:\/\/toscana.hu\/wp-content\/uploads\/2026\/08\/Mood-scaled.jpg 2560w, https:\/\/toscana.hu\/wp-content\/uploads\/2026\/08\/Mood-300x200.jpg 300w, https:\/\/toscana.hu\/wp-content\/uploads\/2026\/08\/Mood-1024x683.jpg 1024w, https:\/\/toscana.hu\/wp-content\/uploads\/2026\/08\/Mood-768x512.jpg 768w, https:\/\/toscana.hu\/wp-content\/uploads\/2026\/08\/Mood-1536x1024.jpg 1536w, https:\/\/toscana.hu\/wp-content\/uploads\/2026\/08\/Mood-2048x1365.jpg 2048w, https:\/\/toscana.hu\/wp-content\/uploads\/2026\/08\/Mood-18x12.jpg 18w\" sizes=\"(max-width: 2560px) 100vw, 2560px\" \/><\/div><\/a>\n\t\t\t\t<div class=\"elementor-post__text\">\n\t\t\t\t<h3 class=\"elementor-post__title\">\n\t\t\t<a href=\"https:\/\/toscana.hu\/hu\/mit-kell-tennie-egy-etteremnek-ospitalita-italiana\/\" target=&quot;_blank&quot;>\n\t\t\t\tMit kell tennie egy \u00e9tteremnek, hogy Ospitalit\u00e0 Italiana min\u0151s\u00edt\u00e9st kapjon?\t\t\t<\/a>\n\t\t<\/h3>\n\t\t\n\t\t<a class=\"elementor-post__read-more\" href=\"https:\/\/toscana.hu\/hu\/mit-kell-tennie-egy-etteremnek-ospitalita-italiana\/\" aria-label=\"Read more about Mit kell tennie egy \u00e9tteremnek, hogy Ospitalit\u00e0 Italiana min\u0151s\u00edt\u00e9st kapjon?\" tabindex=\"-1\" target=\"_blank\">\n\t\t\tbeleolvasok\t\t<\/a>\n\n\t\t\t\t<\/div>\n\t\t\t\t\t<\/div>\n\t\t<\/article>\n\t\t\t\t<article class=\"elementor-post elementor-grid-item post-3565 post type-post status-publish format-standard hentry category-uncategorized\" role=\"listitem\">\n\t\t\t<div class=\"elementor-post__card\">\n\t\t\t\t<a class=\"elementor-post__thumbnail__link\" href=\"https:\/\/toscana.hu\/hu\/ospitalita-italiana-a-trattoria-toscana\/\" tabindex=\"-1\" target=\"_blank\"><div class=\"elementor-post__thumbnail\"><img loading=\"lazy\" decoding=\"async\" width=\"940\" height=\"564\" src=\"https:\/\/toscana.hu\/wp-content\/uploads\/2026\/08\/IMG_5347-e1786654342138.jpg\" class=\"attachment-full size-full wp-image-3588\" alt=\"Ospitalit\u00e0 Italiana - Trattoria Toscana\" srcset=\"https:\/\/toscana.hu\/wp-content\/uploads\/2026\/08\/IMG_5347-e1786654342138.jpg 940w, https:\/\/toscana.hu\/wp-content\/uploads\/2026\/08\/IMG_5347-e1786654342138-300x180.jpg 300w, https:\/\/toscana.hu\/wp-content\/uploads\/2026\/08\/IMG_5347-e1786654342138-768x461.jpg 768w, https:\/\/toscana.hu\/wp-content\/uploads\/2026\/08\/IMG_5347-e1786654342138-18x12.jpg 18w\" sizes=\"(max-width: 940px) 100vw, 940px\" \/><\/div><\/a>\n\t\t\t\t<div class=\"elementor-post__text\">\n\t\t\t\t<h3 class=\"elementor-post__title\">\n\t\t\t<a href=\"https:\/\/toscana.hu\/hu\/ospitalita-italiana-a-trattoria-toscana\/\" target=&quot;_blank&quot;>\n\t\t\t\tOspitalit\u00e0 Italiana elismer\u00e9st kapott a Trattoria Toscana\t\t\t<\/a>\n\t\t<\/h3>\n\t\t\n\t\t<a class=\"elementor-post__read-more\" href=\"https:\/\/toscana.hu\/hu\/ospitalita-italiana-a-trattoria-toscana\/\" aria-label=\"Read more about Ospitalit\u00e0 Italiana elismer\u00e9st kapott a Trattoria Toscana\" tabindex=\"-1\" target=\"_blank\">\n\t\t\tbeleolvasok\t\t<\/a>\n\n\t\t\t\t<\/div>\n\t\t\t\t\t<\/div>\n\t\t<\/article>\n\t\t\t\t<article class=\"elementor-post elementor-grid-item post-3569 post type-post status-publish format-standard hentry category-uncategorized\" role=\"listitem\">\n\t\t\t<div class=\"elementor-post__card\">\n\t\t\t\t<a class=\"elementor-post__thumbnail__link\" href=\"https:\/\/toscana.hu\/hu\/a-trattoria-toscana-a-helyi-olaszok-torzshelye\/\" tabindex=\"-1\" target=\"_blank\"><div class=\"elementor-post__thumbnail\"><img loading=\"lazy\" decoding=\"async\" width=\"2560\" height=\"1707\" src=\"https:\/\/toscana.hu\/wp-content\/uploads\/2026\/08\/Mood_2-scaled.jpg\" class=\"attachment-full size-full wp-image-3574\" alt=\"\" srcset=\"https:\/\/toscana.hu\/wp-content\/uploads\/2026\/08\/Mood_2-scaled.jpg 2560w, https:\/\/toscana.hu\/wp-content\/uploads\/2026\/08\/Mood_2-300x200.jpg 300w, https:\/\/toscana.hu\/wp-content\/uploads\/2026\/08\/Mood_2-1024x683.jpg 1024w, https:\/\/toscana.hu\/wp-content\/uploads\/2026\/08\/Mood_2-768x512.jpg 768w, https:\/\/toscana.hu\/wp-content\/uploads\/2026\/08\/Mood_2-1536x1024.jpg 1536w, https:\/\/toscana.hu\/wp-content\/uploads\/2026\/08\/Mood_2-2048x1365.jpg 2048w, https:\/\/toscana.hu\/wp-content\/uploads\/2026\/08\/Mood_2-18x12.jpg 18w\" sizes=\"(max-width: 2560px) 100vw, 2560px\" \/><\/div><\/a>\n\t\t\t\t<div class=\"elementor-post__text\">\n\t\t\t\t<h3 class=\"elementor-post__title\">\n\t\t\t<a href=\"https:\/\/toscana.hu\/hu\/a-trattoria-toscana-a-helyi-olaszok-torzshelye\/\" target=&quot;_blank&quot;>\n\t\t\t\tB\u00fcszk\u00e9k vagyunk r\u00e1, hogy a Trattoria Toscana a helyi olaszok t\u00f6rzshelye\t\t\t<\/a>\n\t\t<\/h3>\n\t\t\n\t\t<a class=\"elementor-post__read-more\" href=\"https:\/\/toscana.hu\/hu\/a-trattoria-toscana-a-helyi-olaszok-torzshelye\/\" aria-label=\"Read more about B\u00fcszk\u00e9k vagyunk r\u00e1, hogy a Trattoria Toscana a helyi olaszok t\u00f6rzshelye\" tabindex=\"-1\" target=\"_blank\">\n\t\t\tbeleolvasok\t\t<\/a>\n\n\t\t\t\t<\/div>\n\t\t\t\t\t<\/div>\n\t\t<\/article>\n\t\t\t\t<article class=\"elementor-post elementor-grid-item post-3613 post type-post status-publish format-standard hentry category-uncategorized\" role=\"listitem\">\n\t\t\t<div class=\"elementor-post__card\">\n\t\t\t\t<div class=\"elementor-post__text\">\n\t\t\t\t<h3 class=\"elementor-post__title\">\n\t\t\t<a href=\"https:\/\/toscana.hu\/hu\/ezert-erdemes-helyi-ettermet-valasztani\/\" target=&quot;_blank&quot;>\n\t\t\t\tEz\u00e9rt \u00e9rdemes helyi \u00e9ttermet v\u00e1lasztani\t\t\t<\/a>\n\t\t<\/h3>\n\t\t\n\t\t<a class=\"elementor-post__read-more\" href=\"https:\/\/toscana.hu\/hu\/ezert-erdemes-helyi-ettermet-valasztani\/\" aria-label=\"Read more about Ez\u00e9rt \u00e9rdemes helyi \u00e9ttermet v\u00e1lasztani\" tabindex=\"-1\" target=\"_blank\">\n\t\t\tbeleolvasok\t\t<\/a>\n\n\t\t\t\t<\/div>\n\t\t\t\t\t<\/div>\n\t\t<\/article>\n\t\t\t\t<article class=\"elementor-post elementor-grid-item post-3553 post type-post status-publish format-standard hentry category-uncategorized\" role=\"listitem\">\n\t\t\t<div class=\"elementor-post__card\">\n\t\t\t\t<a class=\"elementor-post__thumbnail__link\" href=\"https:\/\/toscana.hu\/hu\/mi-a-kulonbseg-a-pizza-romana-es-a-napolyi-pizza-kozott\/\" tabindex=\"-1\" target=\"_blank\"><div class=\"elementor-post__thumbnail\"><img loading=\"lazy\" decoding=\"async\" width=\"1731\" height=\"1154\" src=\"https:\/\/toscana.hu\/wp-content\/uploads\/2026\/07\/Trattoria-pizza.jpg\" class=\"attachment-full size-full wp-image-3556\" alt=\"\" srcset=\"https:\/\/toscana.hu\/wp-content\/uploads\/2026\/07\/Trattoria-pizza.jpg 1731w, https:\/\/toscana.hu\/wp-content\/uploads\/2026\/07\/Trattoria-pizza-300x200.jpg 300w, https:\/\/toscana.hu\/wp-content\/uploads\/2026\/07\/Trattoria-pizza-1024x683.jpg 1024w, https:\/\/toscana.hu\/wp-content\/uploads\/2026\/07\/Trattoria-pizza-768x512.jpg 768w, https:\/\/toscana.hu\/wp-content\/uploads\/2026\/07\/Trattoria-pizza-1536x1024.jpg 1536w, https:\/\/toscana.hu\/wp-content\/uploads\/2026\/07\/Trattoria-pizza-18x12.jpg 18w\" sizes=\"(max-width: 1731px) 100vw, 1731px\" \/><\/div><\/a>\n\t\t\t\t<div class=\"elementor-post__text\">\n\t\t\t\t<h3 class=\"elementor-post__title\">\n\t\t\t<a href=\"https:\/\/toscana.hu\/hu\/mi-a-kulonbseg-a-pizza-romana-es-a-napolyi-pizza-kozott\/\" target=&quot;_blank&quot;>\n\t\t\t\tMi a k\u00fcl\u00f6nbs\u00e9g a Pizza Romana \u00e9s a N\u00e1polyi pizza k\u00f6z\u00f6tt?\t\t\t<\/a>\n\t\t<\/h3>\n\t\t\n\t\t<a class=\"elementor-post__read-more\" href=\"https:\/\/toscana.hu\/hu\/mi-a-kulonbseg-a-pizza-romana-es-a-napolyi-pizza-kozott\/\" aria-label=\"Read more about Mi a k\u00fcl\u00f6nbs\u00e9g a Pizza Romana \u00e9s a N\u00e1polyi pizza k\u00f6z\u00f6tt?\" tabindex=\"-1\" target=\"_blank\">\n\t\t\tbeleolvasok\t\t<\/a>\n\n\t\t\t\t<\/div>\n\t\t\t\t\t<\/div>\n\t\t<\/article>\n\t\t\t\t<article class=\"elementor-post elementor-grid-item post-3527 post type-post status-publish format-standard hentry category-uncategorized\" role=\"listitem\">\n\t\t\t<div class=\"elementor-post__card\">\n\t\t\t\t<a class=\"elementor-post__thumbnail__link\" href=\"https:\/\/toscana.hu\/hu\/ossobuco-az-olasz-konyha-turelemmel-erlelt-mestermuve\/\" tabindex=\"-1\" target=\"_blank\"><div class=\"elementor-post__thumbnail\"><img loading=\"lazy\" decoding=\"async\" width=\"1920\" height=\"1350\" src=\"https:\/\/toscana.hu\/wp-content\/uploads\/2026\/06\/pexels-crysnet-14537708.jpg\" class=\"attachment-full size-full wp-image-3533\" alt=\"\" srcset=\"https:\/\/toscana.hu\/wp-content\/uploads\/2026\/06\/pexels-crysnet-14537708.jpg 1920w, https:\/\/toscana.hu\/wp-content\/uploads\/2026\/06\/pexels-crysnet-14537708-300x211.jpg 300w, https:\/\/toscana.hu\/wp-content\/uploads\/2026\/06\/pexels-crysnet-14537708-1024x720.jpg 1024w, https:\/\/toscana.hu\/wp-content\/uploads\/2026\/06\/pexels-crysnet-14537708-768x540.jpg 768w, https:\/\/toscana.hu\/wp-content\/uploads\/2026\/06\/pexels-crysnet-14537708-1536x1080.jpg 1536w, https:\/\/toscana.hu\/wp-content\/uploads\/2026\/06\/pexels-crysnet-14537708-18x12.jpg 18w\" sizes=\"(max-width: 1920px) 100vw, 1920px\" \/><\/div><\/a>\n\t\t\t\t<div class=\"elementor-post__text\">\n\t\t\t\t<h3 class=\"elementor-post__title\">\n\t\t\t<a href=\"https:\/\/toscana.hu\/hu\/ossobuco-az-olasz-konyha-turelemmel-erlelt-mestermuve\/\" target=&quot;_blank&quot;>\n\t\t\t\tOssobuco, az olasz konyha t\u00fcrelemmel \u00e9rlelt mesterm\u0171ve\t\t\t<\/a>\n\t\t<\/h3>\n\t\t\n\t\t<a class=\"elementor-post__read-more\" href=\"https:\/\/toscana.hu\/hu\/ossobuco-az-olasz-konyha-turelemmel-erlelt-mestermuve\/\" aria-label=\"Read more about Ossobuco, az olasz konyha t\u00fcrelemmel \u00e9rlelt mesterm\u0171ve\" tabindex=\"-1\" target=\"_blank\">\n\t\t\tbeleolvasok\t\t<\/a>\n\n\t\t\t\t<\/div>\n\t\t\t\t\t<\/div>\n\t\t<\/article>\n\t\t\t\t<article class=\"elementor-post elementor-grid-item post-3460 post type-post status-publish format-standard hentry category-uncategorized\" role=\"listitem\">\n\t\t\t<div class=\"elementor-post__card\">\n\t\t\t\t<a class=\"elementor-post__thumbnail__link\" href=\"https:\/\/toscana.hu\/hu\/olasz-tesztafajtak\/\" tabindex=\"-1\" target=\"_blank\"><div class=\"elementor-post__thumbnail\"><img loading=\"lazy\" decoding=\"async\" width=\"1920\" height=\"1280\" src=\"https:\/\/toscana.hu\/wp-content\/uploads\/2026\/06\/pexels-polina-tankilevitch-4518803.jpg\" class=\"attachment-full size-full wp-image-3468\" alt=\"\" srcset=\"https:\/\/toscana.hu\/wp-content\/uploads\/2026\/06\/pexels-polina-tankilevitch-4518803.jpg 1920w, https:\/\/toscana.hu\/wp-content\/uploads\/2026\/06\/pexels-polina-tankilevitch-4518803-300x200.jpg 300w, https:\/\/toscana.hu\/wp-content\/uploads\/2026\/06\/pexels-polina-tankilevitch-4518803-1024x683.jpg 1024w, https:\/\/toscana.hu\/wp-content\/uploads\/2026\/06\/pexels-polina-tankilevitch-4518803-768x512.jpg 768w, https:\/\/toscana.hu\/wp-content\/uploads\/2026\/06\/pexels-polina-tankilevitch-4518803-1536x1024.jpg 1536w, https:\/\/toscana.hu\/wp-content\/uploads\/2026\/06\/pexels-polina-tankilevitch-4518803-18x12.jpg 18w\" sizes=\"(max-width: 1920px) 100vw, 1920px\" \/><\/div><\/a>\n\t\t\t\t<div class=\"elementor-post__text\">\n\t\t\t\t<h3 class=\"elementor-post__title\">\n\t\t\t<a href=\"https:\/\/toscana.hu\/hu\/olasz-tesztafajtak\/\" target=&quot;_blank&quot;>\n\t\t\t\tOlasz t\u00e9sztafajt\u00e1k, avagy mindent az olasz konyha legismertebb past\u00e1ir\u00f3l\t\t\t<\/a>\n\t\t<\/h3>\n\t\t\n\t\t<a class=\"elementor-post__read-more\" href=\"https:\/\/toscana.hu\/hu\/olasz-tesztafajtak\/\" aria-label=\"Read more about Olasz t\u00e9sztafajt\u00e1k, avagy mindent az olasz konyha legismertebb past\u00e1ir\u00f3l\" tabindex=\"-1\" target=\"_blank\">\n\t\t\tbeleolvasok\t\t<\/a>\n\n\t\t\t\t<\/div>\n\t\t\t\t\t<\/div>\n\t\t<\/article>\n\t\t\t\t<\/div>\n\t\t\n\t\t\t\t<div class=\"e-load-more-anchor\" data-page=\"1\" data-max-page=\"4\" data-next-page=\"https:\/\/toscana.hu\/hu\/wp-json\/wp\/v2\/pages\/1016\/page\/2\/\"><\/div>\n\t\t\t\t<nav class=\"elementor-pagination\" aria-label=\"Lapsz\u00e1moz\u00e1s\">\n\t\t\t<span aria-current=\"page\" class=\"page-numbers current\"><span class=\"elementor-screen-only\">Oldal<\/span>1<\/span>\n<a class=\"page-numbers\" href=\"https:\/\/toscana.hu\/hu\/wp-json\/wp\/v2\/pages\/1016\/page\/2\/\"><span class=\"elementor-screen-only\">Oldal<\/span>2<\/a>\n<a class=\"page-numbers\" href=\"https:\/\/toscana.hu\/hu\/wp-json\/wp\/v2\/pages\/1016\/page\/3\/\"><span class=\"elementor-screen-only\">Oldal<\/span>3<\/a>\t\t<\/nav>\n\t\t\t\t\t\t<\/div>\n\t\t\t\t<\/div>\n\t\t\t\t<\/div>\n\t\t<div class=\"elementor-element elementor-element-b62d084 e-con-full e-flex e-con e-child\" data-id=\"b62d084\" data-element_type=\"container\" data-e-type=\"container\" data-settings=\"{&quot;background_background&quot;:&quot;classic&quot;,&quot;position&quot;:&quot;absolute&quot;}\">\n\t\t\t\t<\/div>\n\t\t\t\t\t<\/div>\n\t\t\t\t<\/div>\n\t\t<div class=\"elementor-element elementor-element-4d9dad8 e-flex e-con-boxed e-con e-parent\" data-id=\"4d9dad8\" data-element_type=\"container\" data-e-type=\"container\" data-settings=\"{&quot;background_background&quot;:&quot;classic&quot;}\">\n\t\t\t\t\t<div class=\"e-con-inner\">\n\t\t\t\t<div class=\"elementor-element elementor-element-ac09acc elementor-widget__width-initial animated-slow elementor-invisible elementor-widget elementor-widget-heading\" data-id=\"ac09acc\" data-element_type=\"widget\" data-e-type=\"widget\" data-settings=\"{&quot;_animation&quot;:&quot;fadeInUp&quot;}\" data-widget_type=\"heading.default\">\n\t\t\t\t<div class=\"elementor-widget-container\">\n\t\t\t\t\t<h2 class=\"elementor-heading-title elementor-size-default\">Itt keresd a Trattori\u00e1t<\/h2>\t\t\t\t<\/div>\n\t\t\t\t<\/div>\n\t\t\t\t<div class=\"elementor-element elementor-element-1e8224d animated-slow elementor-widget-divider--view-line elementor-invisible elementor-widget elementor-widget-divider\" data-id=\"1e8224d\" data-element_type=\"widget\" data-e-type=\"widget\" data-settings=\"{&quot;_animation&quot;:&quot;zoomIn&quot;}\" data-widget_type=\"divider.default\">\n\t\t\t\t<div class=\"elementor-widget-container\">\n\t\t\t\t\t\t\t<div class=\"elementor-divider\">\n\t\t\t<span class=\"elementor-divider-separator\">\n\t\t\t\t\t\t<\/span>\n\t\t<\/div>\n\t\t\t\t\t\t<\/div>\n\t\t\t\t<\/div>\n\t\t\t\t\t<\/div>\n\t\t\t\t<\/div>\n\t\t<div class=\"elementor-element elementor-element-e0a1ad5 e-con-full e-flex e-con e-parent\" data-id=\"e0a1ad5\" data-element_type=\"container\" data-e-type=\"container\" data-settings=\"{&quot;background_background&quot;:&quot;classic&quot;}\">\n\t\t\t\t<div class=\"elementor-element elementor-element-b631792 custom-map elementor-widget elementor-widget-google_maps\" data-id=\"b631792\" data-element_type=\"widget\" data-e-type=\"widget\" data-widget_type=\"google_maps.default\">\n\t\t\t\t<div class=\"elementor-widget-container\">\n\t\t\t\t\t\t\t<div class=\"elementor-custom-embed\">\n\t\t\t<iframe loading=\"lazy\"\n\t\t\t\t\tsrc=\"https:\/\/maps.google.com\/maps?q=H-1056%20Budapest%2C%20Belgr%C3%A1d%20rakpart%2013-15.&#038;t=m&#038;z=15&#038;output=embed&#038;iwloc=near\"\n\t\t\t\t\ttitle=\"H-1056 Budapest, Belgr\u00e1d rakpart 13-15.\"\n\t\t\t\t\taria-label=\"H-1056 Budapest, Belgr\u00e1d rakpart 13-15.\"\n\t\t\t><\/iframe>\n\t\t<\/div>\n\t\t\t\t\t\t<\/div>\n\t\t\t\t<\/div>\n\t\t\t\t<div class=\"elementor-element elementor-element-382b0fb elementor-widget elementor-widget-image\" data-id=\"382b0fb\" data-element_type=\"widget\" data-e-type=\"widget\" data-widget_type=\"image.default\">\n\t\t\t\t<div class=\"elementor-widget-container\">\n\t\t\t\t\t\t\t\t\t\t\t\t\t\t\t<img loading=\"lazy\" decoding=\"async\" width=\"1080\" height=\"1080\" src=\"https:\/\/toscana.hu\/wp-content\/uploads\/2025\/08\/restaurant_entrie-min.jpeg\" class=\"attachment-full size-full wp-image-2928\" alt=\"\" srcset=\"https:\/\/toscana.hu\/wp-content\/uploads\/2025\/08\/restaurant_entrie-min.jpeg 1080w, https:\/\/toscana.hu\/wp-content\/uploads\/2025\/08\/restaurant_entrie-min-300x300.jpeg 300w, https:\/\/toscana.hu\/wp-content\/uploads\/2025\/08\/restaurant_entrie-min-1024x1024.jpeg 1024w, https:\/\/toscana.hu\/wp-content\/uploads\/2025\/08\/restaurant_entrie-min-150x150.jpeg 150w, https:\/\/toscana.hu\/wp-content\/uploads\/2025\/08\/restaurant_entrie-min-768x768.jpeg 768w, https:\/\/toscana.hu\/wp-content\/uploads\/2025\/08\/restaurant_entrie-min-12x12.jpeg 12w\" sizes=\"(max-width: 1080px) 100vw, 1080px\" \/>\t\t\t\t\t\t\t\t\t\t\t\t\t\t\t<\/div>\n\t\t\t\t<\/div>\n\t\t\t\t<\/div>\n\t\t\t\t<\/div>\n\t\t","protected":false},"excerpt":{"rendered":"<p>Kapu toszk\u00e1n\u00e1ba T\u00f6ltsd meg az \u00e9rz\u00e9keidet Toszk\u00e1na \u00edzeivel, illataival \u00e9s t\u00f6rt\u00e9neteivel! Blogunkban m\u00e9lyebbre \u00e1sunk a toszk\u00e1n konyha titkaiba, bemutatjuk hagyom\u00e1nyainkat, k\u00fcl\u00f6nleges alapanyagokat, \u00e9s megosztjuk s\u00e9fjeink<\/p>\n","protected":false},"author":1,"featured_media":0,"parent":0,"menu_order":0,"comment_status":"closed","ping_status":"closed","template":"","meta":{"footnotes":""},"class_list":["post-1016","page","type-page","status-publish","hentry"],"_links":{"self":[{"href":"https:\/\/toscana.hu\/hu\/wp-json\/wp\/v2\/pages\/1016","targetHints":{"allow":["GET"]}}],"collection":[{"href":"https:\/\/toscana.hu\/hu\/wp-json\/wp\/v2\/pages"}],"about":[{"href":"https:\/\/toscana.hu\/hu\/wp-json\/wp\/v2\/types\/page"}],"author":[{"embeddable":true,"href":"https:\/\/toscana.hu\/hu\/wp-json\/wp\/v2\/users\/1"}],"replies":[{"embeddable":true,"href":"https:\/\/toscana.hu\/hu\/wp-json\/wp\/v2\/comments?post=1016"}],"version-history":[{"count":19,"href":"https:\/\/toscana.hu\/hu\/wp-json\/wp\/v2\/pages\/1016\/revisions"}],"predecessor-version":[{"id":3482,"href":"https:\/\/toscana.hu\/hu\/wp-json\/wp\/v2\/pages\/1016\/revisions\/3482"}],"wp:attachment":[{"href":"https:\/\/toscana.hu\/hu\/wp-json\/wp\/v2\/media?parent=1016"}],"curies":[{"name":"wp","href":"https:\/\/api.w.org\/{rel}","templated":true}]}}